{"id":502,"date":"2022-01-12T15:33:33","date_gmt":"2022-01-12T14:33:33","guid":{"rendered":"https:\/\/edu.daisybell.ch\/mentions-legales\/"},"modified":"2023-01-23T17:45:36","modified_gmt":"2023-01-23T16:45:36","slug":"mentions-legales","status":"publish","type":"page","link":"https:\/\/vdratschool.ch\/de\/mentions-legales\/","title":{"rendered":"Mentions l\u00e9gales"},"content":{"rendered":"\n<p><strong>Entit\u00e9 l\u00e9gale<\/strong><br>Visions du R\u00e9el<br>Festival international de cin\u00e9ma Nyon<br>Place du March\u00e9 2<br>CH\u20131260 Nyon, Suisse<\/p>\n\n\n\n<p><strong>R\u00e9alisation du site internet<\/strong><br>DaisyBell \u2013&nbsp;<a rel=\"noreferrer noopener\" href=\"https:\/\/daisybell.ch\/\" target=\"_blank\">www.daisybell.ch<\/a><\/p>\n\n\n\n<p><strong>Droits d\u2019auteur et copyright<\/strong><br>Sauf avis contraire, la marque, les photos et autres signes distinctifs figurant sur ce site sont des \u00e9l\u00e9ments de la Fondation Visions du R\u00e9el. L\u2019ensemble de ce site rel\u00e8ve de la l\u00e9gislation suisse sur le droit d\u2019auteur et la propri\u00e9t\u00e9 intellectuelle. Tous les droits de reproduction sont r\u00e9serv\u00e9s, y compris pour les documents t\u00e9l\u00e9chargeables et les repr\u00e9sentations iconographiques et photographiques.<br><br><strong>Liens hypertexte<\/strong><br>Les sites ext\u00e9rieurs \u00e0\u00a0<a rel=\"noreferrer noopener\" href=\"https:\/\/vdratschool.ch\/\" target=\"_blank\">vdratschool.ch<\/a>\u00a0ayant un lien hypertexte avec le pr\u00e9sent site ne sont pas sous notre contr\u00f4le, nous d\u00e9clinons par cons\u00e9quent toute responsabilit\u00e9 quant \u00e0 leur contenu. L\u2019utilisateur est seul responsable de leur utilisation. La cr\u00e9ation de liens vers le site\u00a0<a rel=\"noreferrer noopener\" href=\"http:\/\/www.visionsdureeel.ch\/\" target=\"_blank\">vdratschool.ch<\/a>\u00a0est soumise \u00e0 notre accord pr\u00e9alable. Pour toute demande, vous pouvez nous envoyer un mail \u00e0 <a href=\"mailto:contact@visionsdureel.ch\">contact[@]visionsdureel.ch<\/a>.<\/p>\n","protected":false},"excerpt":{"rendered":"<p>Entit\u00e9 l\u00e9galeVisions du R\u00e9elFestival international de cin\u00e9ma NyonPlace du March\u00e9 2CH\u20131260 Nyon, Suisse R\u00e9alisation du site internetDaisyBell \u2013&nbsp;www.daisybell.ch Droits d\u2019auteur et copyrightSauf avis contraire, la marque, les photos et autres signes distinctifs figurant sur ce site sont des \u00e9l\u00e9ments de la Fondation Visions du R\u00e9el. L\u2019ensemble de ce site rel\u00e8ve de la l\u00e9gislation suisse sur [&hellip;]<\/p>\n","protected":false},"author":5,"featured_media":0,"parent":0,"menu_order":0,"comment_status":"closed","ping_status":"closed","template":"","meta":{"_acf_changed":false,"footnotes":""},"class_list":["post-502","page","type-page","status-publish","hentry"],"acf":[],"_links":{"self":[{"href":"https:\/\/vdratschool.ch\/de\/wp-json\/wp\/v2\/pages\/502","targetHints":{"allow":["GET"]}}],"collection":[{"href":"https:\/\/vdratschool.ch\/de\/wp-json\/wp\/v2\/pages"}],"about":[{"href":"https:\/\/vdratschool.ch\/de\/wp-json\/wp\/v2\/types\/page"}],"author":[{"embeddable":true,"href":"https:\/\/vdratschool.ch\/de\/wp-json\/wp\/v2\/users\/5"}],"replies":[{"embeddable":true,"href":"https:\/\/vdratschool.ch\/de\/wp-json\/wp\/v2\/comments?post=502"}],"version-history":[{"count":2,"href":"https:\/\/vdratschool.ch\/de\/wp-json\/wp\/v2\/pages\/502\/revisions"}],"predecessor-version":[{"id":944,"href":"https:\/\/vdratschool.ch\/de\/wp-json\/wp\/v2\/pages\/502\/revisions\/944"}],"wp:attachment":[{"href":"https:\/\/vdratschool.ch\/de\/wp-json\/wp\/v2\/media?parent=502"}],"curies":[{"name":"wp","href":"https:\/\/api.w.org\/{rel}","templated":true}]}}